{"id":12221,"date":"2023-08-17T10:34:02","date_gmt":"2023-08-17T13:34:02","guid":{"rendered":"https:\/\/test2.jacquesbedel.com\/?page_id=12221"},"modified":"2023-09-02T11:53:24","modified_gmt":"2023-09-02T14:53:24","slug":"premios","status":"publish","type":"page","link":"https:\/\/jacquesbedel.com\/en\/premios\/","title":{"rendered":"Grants and Awards"},"content":{"rendered":"<section class=\"wpb-content-wrapper\"><div class=\"vc_row wpb_row vc_row-fluid\"><div class=\"wpb_column vc_column_container vc_col-sm-12\"><div class=\"vc_column-inner\"><div class=\"wpb_wrapper\"><div class='dt-sc-hr-invisible-small'> <\/div><div class='dt-sc-small-separator'><\/div><h2>Grants and Awards<\/h2><div class='dt-sc-hr-invisible-small'> <\/div><div class='dt-sc-clear'> <\/div><\/div><\/div><\/div><\/div><div class=\"vc_row wpb_row vc_row-fluid\"><div class=\"wpb_column vc_column_container vc_col-sm-12\"><div class=\"vc_column-inner\"><div class=\"wpb_wrapper\"><div class='dt-sc-timeline-section type3'><div class='dt-sc-timeline left'><div class=\"column dt-sc-one-half\"><div class=\"dt-sc-timeline-content\"><h2><span>2012<\/span><\/h2><img loading=\"lazy\" decoding=\"async\" class=\"size-medium wp-image-9500 alignright\" src=\"https:\/\/jacquesbedel.com\/wp-content\/uploads\/2023\/06\/69-300x217.jpg\" alt=\"\" width=\"300\" height=\"217\" srcset=\"https:\/\/jacquesbedel.com\/wp-content\/uploads\/2023\/06\/69-300x217.jpg 300w, https:\/\/jacquesbedel.com\/wp-content\/uploads\/2023\/06\/69-500x362.jpg 500w, https:\/\/jacquesbedel.com\/wp-content\/uploads\/2023\/06\/69-768x556.jpg 768w, https:\/\/jacquesbedel.com\/wp-content\/uploads\/2023\/06\/69.jpg 1024w\" sizes=\"(max-width: 300px) 100vw, 300px\" \/><\/p>\n<h4>\u00a0\u00a0\u00a0\u00a0\u00a0\u00a0\u00a0\u00a0\u00a0\u00a0\u00a0\u00a0\u00a0\u00a0\u00a0\u00a0\u00a0\u00a0\u00a0\u00a0\u00a0\u00a0\u00a0\u00a0\u00a0\u00a0\u00a0\u00a0\u00a0\u00a0\u00a0\u00a0\u00a0\u00a0\u00a0\u00a0\u00a0\u00a0\u00a0\u00a0\u00a0\u00a0\u00a0\u00a0\u00a0\u00a0\u00a0\u00a0\u00a0\u00a0\u00a0\u00a0\u00a0\u00a0\u00a0\u00a0\u00a0\u00a0\u00a0\u00a0\u00a0\u00a0\u00a0\u00a0\u00a0\u00a0\u00a0\u00a0\u00a0\u00a0\u00a0\u00a0\u00a0\u00a0\u00a0\u00a0\u00a0\u00a0\u00a0\u00a0\u00a0\u00a0\u00a0\u00a0\u00a0\u00a0\u00a0\u00a0\u00a0\u00a0\u00a0\u00a0\u00a0\u00a0\u00a0\u00a0\u00a0\u00a0\u00a0\u00a0\u00a0\u00a0\u00a0\u00a0\u00a0\u00a0\u00a0\u00a0\u00a0\u00a0\u00a0\u00a0\u00a0\u00a0\u00a0\u00a0\u00a0\u00a0\u00a0\u00a0\u00a0\u00a0\u00a0\u00a0\u00a0\u00a0\u00a0\u00a0\u00a0\u00a0\u00a0\u00a0\u00a0\u00a0\u00a0\u00a0\u00a0\u00a0\u00a0\u00a0\u00a0\u00a0\u00a0\u00a0\u00a0\u00a0\u00a0\u00a0\u00a0\u00a0\u00a0\u00a0\u00a0\u00a0\u00a0\u00a0\u00a0\u00a0\u00a0\u00a0\u00a0\u00a0\u00a0\u00a0\u00a0\u00a0\u00a0\u00a0\u00a0\u00a0\u00a0\u00a0\u00a0\u00a0\u00a0\u00a0\u00a0\u00a0\u00a0\u00a0\u00a0\u00a0\u00a0\u00a0\u00a0\u00a0\u00a0\u00a0\u00a0\u00a0\u00a0\u00a0\u00a0\u00a0\u00a0\u00a0\u00a0\u00a0\u00a0\u00a0\u00a0\u00a0\u00a0\u00a0\u00a0\u00a0\u00a0\u00a0\u00a0\u00a0\u00a0\u00a0\u00a0\u00a0\u00a0\u00a0\u00a0\u00a0\u00a0\u00a0\u00a0\u00a0\u00a0\u00a0\u00a0\u00a0\u00a0\u00a0\u00a0\u00a0\u00a0\u00a0\u00a0\u00a0\u00a0\u00a0\u00a0\u00a0\u00a0\u00a0\u00a0\u00a0\u00a0\u00a0\u00a0\u00a0\u00a0\u00a0\u00a0\u00a0\u00a0\u00a0\u00a0\u00a0\u00a0\u00a0\u00a0\u00a0\u00a0\u00a0\u00a0\u00a0\u00a0\u00a0\u00a0\u00a0\u00a0\u00a0\u00a0\u00a0\u00a0\u00a0\u00a0\u00a0\u00a0\u00a0\u00a0\u00a0\u00a0\u00a0\u00a0\u00a0\u00a0\u00a0\u00a0\u00a0\u00a0\u00a0\u00a0\u00a0\u00a0\u00a0\u00a0\u00a0\u00a0\u00a0\u00a0\u00a0\u00a0\u00a0\u00a0\u00a0\u00a0\u00a0\u00a0\u00a0 PREMIO ARNET<\/h4>\n<p>14\/06\/2012\u00a0 Menci\u00f3n por su obra \u201cDe rerum natura\u201d<\/div><\/div><\/div><div class='dt-sc-timeline right'><div class=\"column dt-sc-one-half\"><div class=\"dt-sc-timeline-content\"><h2><span>2007<\/span><\/h2><h4 style=\"text-align: left;\"><img loading=\"lazy\" decoding=\"async\" class=\"size-medium wp-image-9489 alignleft\" src=\"https:\/\/jacquesbedel.com\/wp-content\/uploads\/2023\/06\/47-300x300.jpg\" alt=\"\" width=\"300\" height=\"300\" srcset=\"https:\/\/jacquesbedel.com\/wp-content\/uploads\/2023\/06\/47-300x300.jpg 300w, https:\/\/jacquesbedel.com\/wp-content\/uploads\/2023\/06\/47-500x499.jpg 500w, https:\/\/jacquesbedel.com\/wp-content\/uploads\/2023\/06\/47-100x100.jpg 100w, https:\/\/jacquesbedel.com\/wp-content\/uploads\/2023\/06\/47-150x150.jpg 150w, https:\/\/jacquesbedel.com\/wp-content\/uploads\/2023\/06\/47-768x766.jpg 768w, https:\/\/jacquesbedel.com\/wp-content\/uploads\/2023\/06\/47.jpg 1024w\" sizes=\"(max-width: 300px) 100vw, 300px\" \/><\/h4>\n<p>&nbsp;<\/p>\n<p>&nbsp;<\/p>\n<p>&nbsp;<\/p>\n<p>&nbsp;<\/p>\n<p>&nbsp;<\/p>\n<p>&nbsp;<\/p>\n<p>&nbsp;<\/p>\n<p>&nbsp;<\/p>\n<p>&nbsp;<\/p>\n<p>&nbsp;<\/p>\n<h4 style=\"text-align: left;\">PREMIO BANCO CENTRAL<\/h4>\n<p style=\"text-align: left;\"><strong>Segundo Premio<\/strong>. Centro Cultural Borges. Buenos Aires. Argentina. 2007.<\/p><\/div><\/div><\/div><div class='dt-sc-timeline left'><div class=\"column dt-sc-one-half\"><div class=\"dt-sc-timeline-content\"><h2><span>2006<\/span><\/h2><img loading=\"lazy\" decoding=\"async\" class=\"size-medium wp-image-9523 alignright\" src=\"https:\/\/jacquesbedel.com\/wp-content\/uploads\/2023\/06\/110-1-300x156.jpg\" alt=\"\" width=\"300\" height=\"156\" srcset=\"https:\/\/jacquesbedel.com\/wp-content\/uploads\/2023\/06\/110-1-300x156.jpg 300w, https:\/\/jacquesbedel.com\/wp-content\/uploads\/2023\/06\/110-1-500x260.jpg 500w, https:\/\/jacquesbedel.com\/wp-content\/uploads\/2023\/06\/110-1-768x400.jpg 768w, https:\/\/jacquesbedel.com\/wp-content\/uploads\/2023\/06\/110-1.jpg 1024w\" sizes=\"(max-width: 300px) 100vw, 300px\" \/><\/p>\n<p>&nbsp;<\/p>\n<p>&nbsp;<\/p>\n<p>&nbsp;<\/p>\n<p>&nbsp;<\/p>\n<p>&nbsp;<\/p>\n<h4><\/h4>\n<h4>PREMIO VOCACI\u00d3N ACAD\u00c9MICA. ARTES VISUALES<\/h4>\n<p>Fundaci\u00f3n El Libro. Buenos Aires. Argentina. 2006.<\/div><\/div><\/div><div class='dt-sc-timeline right'><div class=\"column dt-sc-one-half\"><div class=\"dt-sc-timeline-content\"><h2><span>2004<\/span><\/h2><img loading=\"lazy\" decoding=\"async\" class=\"size-medium wp-image-9502 alignleft\" src=\"https:\/\/jacquesbedel.com\/wp-content\/uploads\/2023\/06\/85-300x300.jpg\" alt=\"\" width=\"300\" height=\"300\" srcset=\"https:\/\/jacquesbedel.com\/wp-content\/uploads\/2023\/06\/85-300x300.jpg 300w, https:\/\/jacquesbedel.com\/wp-content\/uploads\/2023\/06\/85-500x500.jpg 500w, https:\/\/jacquesbedel.com\/wp-content\/uploads\/2023\/06\/85-100x100.jpg 100w, https:\/\/jacquesbedel.com\/wp-content\/uploads\/2023\/06\/85-150x150.jpg 150w, https:\/\/jacquesbedel.com\/wp-content\/uploads\/2023\/06\/85-768x767.jpg 768w, https:\/\/jacquesbedel.com\/wp-content\/uploads\/2023\/06\/85.jpg 1024w\" sizes=\"(max-width: 300px) 100vw, 300px\" \/><\/p>\n<p>&nbsp;<\/p>\n<p>&nbsp;<\/p>\n<p>&nbsp;<\/p>\n<p>&nbsp;<\/p>\n<h4><\/h4>\n<h4><\/h4>\n<h4><\/h4>\n<p>&nbsp;<\/p>\n<p>&nbsp;<\/p>\n<p>&nbsp;<\/p>\n<h4><\/h4>\n<p>&nbsp;<\/p>\n<p>&nbsp;<\/p>\n<h4 style=\"text-align: left;\">III PREMIO IBEROAMERICANO DE PINTURA<\/h4>\n<p style=\"text-align: left;\"><strong>Gran Premio<\/strong>. Fundaci\u00f3n Aerol\u00edneas Argentinas. Centro Cultural Borges. Buenos Aires, Argentina. 2004.<\/p><\/div><\/div><\/div><div class='dt-sc-timeline left'><div class=\"column dt-sc-one-half\"><div class=\"dt-sc-timeline-content\"><h2><span>2003<\/span><\/h2><img loading=\"lazy\" decoding=\"async\" class=\"size-medium wp-image-9488 alignright\" src=\"https:\/\/jacquesbedel.com\/wp-content\/uploads\/2023\/06\/46-300x300.jpg\" alt=\"\" width=\"300\" height=\"300\" srcset=\"https:\/\/jacquesbedel.com\/wp-content\/uploads\/2023\/06\/46-300x300.jpg 300w, https:\/\/jacquesbedel.com\/wp-content\/uploads\/2023\/06\/46-500x500.jpg 500w, https:\/\/jacquesbedel.com\/wp-content\/uploads\/2023\/06\/46-100x100.jpg 100w, https:\/\/jacquesbedel.com\/wp-content\/uploads\/2023\/06\/46-150x150.jpg 150w, https:\/\/jacquesbedel.com\/wp-content\/uploads\/2023\/06\/46-768x768.jpg 768w, https:\/\/jacquesbedel.com\/wp-content\/uploads\/2023\/06\/46.jpg 1024w\" sizes=\"(max-width: 300px) 100vw, 300px\" \/><\/p>\n<h4><\/h4>\n<h4><\/h4>\n<h4><\/h4>\n<h4><\/h4>\n<h4><\/h4>\n<h4><\/h4>\n<h4><\/h4>\n<p>&nbsp;<\/p>\n<p>&nbsp;<\/p>\n<p>&nbsp;<\/p>\n<p>&nbsp;<\/p>\n<p>&nbsp;<\/p>\n<p>&nbsp;<\/p>\n<p>&nbsp;<\/p>\n<p>&nbsp;<\/p>\n<p>&nbsp;<\/p>\n<h4><\/h4>\n<h4><\/h4>\n<h4><\/h4>\n<h4><\/h4>\n<h4 style=\"text-align: right;\">III PREMIO FUNDACI\u00d3N BANCO CIUDAD<\/h4>\n<p style=\"text-align: right;\"><strong>Menci\u00f3n Especial del Jurado<\/strong>. Museo Nacional de Bellas Artes. Buenos Aires. Argentina. 2003.<\/p><\/div><\/div><\/div><div class='dt-sc-timeline right'><div class=\"column dt-sc-one-half\"><div class=\"dt-sc-timeline-content\"><h2><span>2002<\/span><\/h2><img loading=\"lazy\" decoding=\"async\" class=\"size-medium wp-image-9487 alignleft\" src=\"https:\/\/jacquesbedel.com\/wp-content\/uploads\/2023\/06\/45-300x207.jpg\" alt=\"\" width=\"300\" height=\"207\" srcset=\"https:\/\/jacquesbedel.com\/wp-content\/uploads\/2023\/06\/45-300x207.jpg 300w, https:\/\/jacquesbedel.com\/wp-content\/uploads\/2023\/06\/45-500x345.jpg 500w, https:\/\/jacquesbedel.com\/wp-content\/uploads\/2023\/06\/45-768x530.jpg 768w, https:\/\/jacquesbedel.com\/wp-content\/uploads\/2023\/06\/45.jpg 1024w\" sizes=\"(max-width: 300px) 100vw, 300px\" \/><\/p>\n<h4><\/h4>\n<h4><\/h4>\n<h4><\/h4>\n<p>&nbsp;<\/p>\n<p>&nbsp;<\/p>\n<p>&nbsp;<\/p>\n<p>&nbsp;<\/p>\n<h4><\/h4>\n<h4><\/h4>\n<h4><\/h4>\n<h4><\/h4>\n<h4><\/h4>\n<h4><\/h4>\n<p>&nbsp;<\/p>\n<p>&nbsp;<\/p>\n<p>&nbsp;<\/p>\n<h4>PREMIO CLOSE-UP<\/h4>\n<p><strong>Menci\u00f3n de Honor Mention<\/strong>. Museo Nacional de Bellas Artes. Buenos Aires. Argentina. 2002.<\/div><\/div><\/div><div class='dt-sc-timeline left'><div class=\"column dt-sc-one-half\"><div class=\"dt-sc-timeline-content\"><h2><span>2001<\/span><\/h2><img loading=\"lazy\" decoding=\"async\" class=\"size-full wp-image-9522 alignright\" src=\"https:\/\/jacquesbedel.com\/wp-content\/uploads\/2023\/06\/109-1.jpg\" alt=\"\" width=\"1024\" height=\"1020\" srcset=\"https:\/\/jacquesbedel.com\/wp-content\/uploads\/2023\/06\/109-1.jpg 1024w, https:\/\/jacquesbedel.com\/wp-content\/uploads\/2023\/06\/109-1-100x100.jpg 100w, https:\/\/jacquesbedel.com\/wp-content\/uploads\/2023\/06\/109-1-500x498.jpg 500w\" sizes=\"(max-width: 1024px) 100vw, 1024px\" \/><\/p>\n<h4>PREMIO A LA TRAYECTORIA<\/h4>\n<p>Fundaci\u00f3n Proscenio. Buenos Aires. Argentina. 2001.<\/p>\n<p>&nbsp;<\/p>\n<p>&nbsp;<\/p>\n<p>&nbsp;<\/p>\n<p>&nbsp;<\/p><\/div><\/div><\/div><div class='dt-sc-timeline right'><div class=\"column dt-sc-one-half\"><div class=\"dt-sc-timeline-content\"><h2><span>1998<\/span><\/h2><img loading=\"lazy\" decoding=\"async\" class=\"size-medium wp-image-9486 alignleft\" src=\"https:\/\/jacquesbedel.com\/wp-content\/uploads\/2023\/06\/44-300x188.jpg\" alt=\"\" width=\"300\" height=\"188\" srcset=\"https:\/\/jacquesbedel.com\/wp-content\/uploads\/2023\/06\/44-300x188.jpg 300w, https:\/\/jacquesbedel.com\/wp-content\/uploads\/2023\/06\/44-500x314.jpg 500w, https:\/\/jacquesbedel.com\/wp-content\/uploads\/2023\/06\/44-768x482.jpg 768w, https:\/\/jacquesbedel.com\/wp-content\/uploads\/2023\/06\/44.jpg 1024w\" sizes=\"(max-width: 300px) 100vw, 300px\" \/><\/p>\n<h4><\/h4>\n<h4><\/h4>\n<h4><\/h4>\n<h4><\/h4>\n<h4><\/h4>\n<p>&nbsp;<\/p>\n<p>&nbsp;<\/p>\n<p>&nbsp;<\/p>\n<p>&nbsp;<\/p>\n<p>&nbsp;<\/p>\n<h4><\/h4>\n<p>&nbsp;<\/p>\n<p>&nbsp;<\/p>\n<h4>VII BIENAL INTERNACIONAL DE ARQUITECTURA DE BUENOS AIRES<\/h4>\n<p>23\/03\/1998\u00a0\u00a0<strong>GRAN PREMIO LATINOAMERICANO.<\/strong>\u00a0CENTRO CULTURAL BORGES. BUENOS AIRES. ARGENTINA. 1998.<\/p>\n<p><img loading=\"lazy\" decoding=\"async\" class=\"size-medium wp-image-9521 alignleft\" src=\"https:\/\/jacquesbedel.com\/wp-content\/uploads\/2023\/06\/108-87x300.jpg\" alt=\"\" width=\"87\" height=\"300\" srcset=\"https:\/\/jacquesbedel.com\/wp-content\/uploads\/2023\/06\/108-87x300.jpg 87w, https:\/\/jacquesbedel.com\/wp-content\/uploads\/2023\/06\/108-scaled-500x1716.jpg 500w, https:\/\/jacquesbedel.com\/wp-content\/uploads\/2023\/06\/108-298x1024.jpg 298w, https:\/\/jacquesbedel.com\/wp-content\/uploads\/2023\/06\/108-768x2636.jpg 768w, https:\/\/jacquesbedel.com\/wp-content\/uploads\/2023\/06\/108-scaled.jpg 746w\" sizes=\"(max-width: 87px) 100vw, 87px\" \/><\/p>\n<h4><\/h4>\n<h4><\/h4>\n<h4><\/h4>\n<h4><\/h4>\n<h4><\/h4>\n<h4><\/h4>\n<h4><\/h4>\n<h4><\/h4>\n<h4><\/h4>\n<h4><\/h4>\n<p>&nbsp;<\/p>\n<p>&nbsp;<\/p>\n<p>&nbsp;<\/p>\n<p>&nbsp;<\/p>\n<p>&nbsp;<\/p>\n<p>&nbsp;<\/p>\n<p>&nbsp;<\/p>\n<p>&nbsp;<\/p>\n<p>&nbsp;<\/p>\n<h4>PREMIO INET<\/h4>\n<p><strong>MENCI\u00d3N DE HONOR<\/strong>. INSTITUTO NACIONAL DE EDUCACI\u00d3N T\u00c9CNICA. MUSEO NACIONAL DE BELLAS ARTES. BUENOS AIRES. ARGENTINA. 1998.<\/div><\/div><\/div><div class='dt-sc-timeline left'><div class=\"column dt-sc-one-half\"><div class=\"dt-sc-timeline-content\"><h2><span>1997<\/span><\/h2><h4><img loading=\"lazy\" decoding=\"async\" class=\"alignnone size-medium wp-image-9485 alignright\" src=\"https:\/\/jacquesbedel.com\/wp-content\/uploads\/2023\/06\/42-295x300.jpg\" alt=\"\" width=\"295\" height=\"300\" srcset=\"https:\/\/jacquesbedel.com\/wp-content\/uploads\/2023\/06\/42-295x300.jpg 295w, https:\/\/jacquesbedel.com\/wp-content\/uploads\/2023\/06\/42-500x509.jpg 500w, https:\/\/jacquesbedel.com\/wp-content\/uploads\/2023\/06\/42-1006x1024.jpg 1006w, https:\/\/jacquesbedel.com\/wp-content\/uploads\/2023\/06\/42-768x782.jpg 768w, https:\/\/jacquesbedel.com\/wp-content\/uploads\/2023\/06\/42.jpg 1024w\" sizes=\"(max-width: 295px) 100vw, 295px\" \/><\/h4>\n<h4><\/h4>\n<h4><\/h4>\n<h4><\/h4>\n<h4><\/h4>\n<h4><\/h4>\n<h4><\/h4>\n<h4><\/h4>\n<h4 style=\"text-align: right;\"><\/h4>\n<p>&nbsp;<\/p>\n<p>&nbsp;<\/p>\n<p>&nbsp;<\/p>\n<p>&nbsp;<\/p>\n<p>&nbsp;<\/p>\n<p>&nbsp;<\/p>\n<p>&nbsp;<\/p>\n<p>&nbsp;<\/p>\n<p>&nbsp;<\/p>\n<p>&nbsp;<\/p>\n<h4 style=\"text-align: right;\">PREMIO NOVARTIS<\/h4>\n<p style=\"text-align: right;\">24\/03\/1997\u00a0\u00a0<strong>Menci\u00f3n Especial del Jurado<\/strong>. Museo Nacional de Bellas Artes. Buenos Aires. Argentina. 1997.<\/p>\n<p style=\"text-align: right;\"><img loading=\"lazy\" decoding=\"async\" class=\"size-medium wp-image-9520 alignright\" src=\"https:\/\/jacquesbedel.com\/wp-content\/uploads\/2023\/06\/107-1-300x141.jpg\" alt=\"\" width=\"300\" height=\"141\" srcset=\"https:\/\/jacquesbedel.com\/wp-content\/uploads\/2023\/06\/107-1-300x141.jpg 300w, https:\/\/jacquesbedel.com\/wp-content\/uploads\/2023\/06\/107-1-500x235.jpg 500w, https:\/\/jacquesbedel.com\/wp-content\/uploads\/2023\/06\/107-1-768x362.jpg 768w, https:\/\/jacquesbedel.com\/wp-content\/uploads\/2023\/06\/107-1.jpg 1024w\" sizes=\"(max-width: 300px) 100vw, 300px\" \/><\/p>\n<h4><\/h4>\n<h4><\/h4>\n<h4><\/h4>\n<h4><\/h4>\n<h4><\/h4>\n<p>&nbsp;<\/p>\n<p>&nbsp;<\/p>\n<p>&nbsp;<\/p>\n<p>&nbsp;<\/p>\n<p>&nbsp;<\/p>\n<h4 style=\"text-align: right;\">PREMIO LEONARDO<\/h4>\n<p style=\"text-align: right;\">23\/03\/1997\u00a0\u00a0<strong>Mejor Artista del a\u00f1o 1996<\/strong>. Museo Nacional de Bellas Artes. Buenos Aires. Argentina. 1996.<\/p>\n<p style=\"text-align: right;\"><img loading=\"lazy\" decoding=\"async\" class=\"size-medium wp-image-9484 alignright\" src=\"https:\/\/jacquesbedel.com\/wp-content\/uploads\/2023\/06\/41-300x300.jpg\" alt=\"\" width=\"300\" height=\"300\" srcset=\"https:\/\/jacquesbedel.com\/wp-content\/uploads\/2023\/06\/41-300x300.jpg 300w, https:\/\/jacquesbedel.com\/wp-content\/uploads\/2023\/06\/41-500x498.jpg 500w, https:\/\/jacquesbedel.com\/wp-content\/uploads\/2023\/06\/41-100x100.jpg 100w, https:\/\/jacquesbedel.com\/wp-content\/uploads\/2023\/06\/41-150x150.jpg 150w, https:\/\/jacquesbedel.com\/wp-content\/uploads\/2023\/06\/41.jpg 1024w\" sizes=\"(max-width: 300px) 100vw, 300px\" \/><\/p>\n<h4><\/h4>\n<h4><\/h4>\n<h4><\/h4>\n<h4><\/h4>\n<h4><\/h4>\n<h4><\/h4>\n<h4><\/h4>\n<h4><\/h4>\n<p>&nbsp;<\/p>\n<p>&nbsp;<\/p>\n<p>&nbsp;<\/p>\n<p>&nbsp;<\/p>\n<p>&nbsp;<\/p>\n<p>&nbsp;<\/p>\n<p>&nbsp;<\/p>\n<p>&nbsp;<\/p>\n<p>&nbsp;<\/p>\n<h4><\/h4>\n<h4 style=\"text-align: right;\">PREMIO COSTANTINI<\/h4>\n<p style=\"text-align: right;\"><strong>Menci\u00f3n de Honor<\/strong>.\u00a0Museo Nacional de Bellas Artes. Buenos Aires. Argentina. 1997.<\/p><\/div><\/div><\/div><div class='dt-sc-timeline right'><div class=\"column dt-sc-one-half\"><div class=\"dt-sc-timeline-content\"><h2><span>1996<\/span><\/h2><img loading=\"lazy\" decoding=\"async\" class=\"size-medium wp-image-9483 alignleft\" src=\"https:\/\/jacquesbedel.com\/wp-content\/uploads\/2023\/06\/40-300x300.jpg\" alt=\"\" width=\"300\" height=\"300\" srcset=\"https:\/\/jacquesbedel.com\/wp-content\/uploads\/2023\/06\/40-300x300.jpg 300w, https:\/\/jacquesbedel.com\/wp-content\/uploads\/2023\/06\/40-500x498.jpg 500w, https:\/\/jacquesbedel.com\/wp-content\/uploads\/2023\/06\/40-100x100.jpg 100w, https:\/\/jacquesbedel.com\/wp-content\/uploads\/2023\/06\/40-150x150.jpg 150w, https:\/\/jacquesbedel.com\/wp-content\/uploads\/2023\/06\/40.jpg 1024w\" sizes=\"(max-width: 300px) 100vw, 300px\" \/><\/p>\n<h4><\/h4>\n<h4><\/h4>\n<h4><\/h4>\n<h4><\/h4>\n<h4><\/h4>\n<h4><\/h4>\n<h4><\/h4>\n<h4><\/h4>\n<p>&nbsp;<\/p>\n<p>&nbsp;<\/p>\n<p>&nbsp;<\/p>\n<p>&nbsp;<\/p>\n<p>&nbsp;<\/p>\n<p>&nbsp;<\/p>\n<p>&nbsp;<\/p>\n<p>&nbsp;<\/p>\n<p>&nbsp;<\/p>\n<p>&nbsp;<\/p>\n<h4>PREMIO UNIVERSIDAD DE PALERMO<\/h4>\n<p><strong>Medalla de Oro<\/strong>.\u00a0Museo Nacional de Bellas Artes. Buenos Aires. Argentina. 1996.<\/div><\/div><\/div><div class='dt-sc-timeline left'><div class=\"column dt-sc-one-half\"><div class=\"dt-sc-timeline-content\"><h2><span>1995<\/span><\/h2><img loading=\"lazy\" decoding=\"async\" class=\"size-medium wp-image-9490 alignright\" src=\"https:\/\/jacquesbedel.com\/wp-content\/uploads\/2023\/06\/48-145x300.jpg\" alt=\"\" width=\"145\" height=\"300\" srcset=\"https:\/\/jacquesbedel.com\/wp-content\/uploads\/2023\/06\/48-145x300.jpg 145w, https:\/\/jacquesbedel.com\/wp-content\/uploads\/2023\/06\/48-500x1033.jpg 500w, https:\/\/jacquesbedel.com\/wp-content\/uploads\/2023\/06\/48-496x1024.jpg 496w, https:\/\/jacquesbedel.com\/wp-content\/uploads\/2023\/06\/48-768x1587.jpg 768w, https:\/\/jacquesbedel.com\/wp-content\/uploads\/2023\/06\/48-743x1536.jpg 743w, https:\/\/jacquesbedel.com\/wp-content\/uploads\/2023\/06\/48-991x2048.jpg 991w, https:\/\/jacquesbedel.com\/wp-content\/uploads\/2023\/06\/48.jpg 1024w\" sizes=\"(max-width: 145px) 100vw, 145px\" \/><\/p>\n<h4><\/h4>\n<h4><\/h4>\n<h4><\/h4>\n<h4><\/h4>\n<h4><\/h4>\n<h4><\/h4>\n<h4><\/h4>\n<h4 style=\"text-align: right;\"><\/h4>\n<p>&nbsp;<\/p>\n<p>&nbsp;<\/p>\n<p>&nbsp;<\/p>\n<p>&nbsp;<\/p>\n<p>&nbsp;<\/p>\n<p>&nbsp;<\/p>\n<p>&nbsp;<\/p>\n<p>&nbsp;<\/p>\n<p>&nbsp;<\/p>\n<p>&nbsp;<\/p>\n<h4><\/h4>\n<h4 style=\"text-align: right;\">PREMIO BANCO REP\u00daBLICA<\/h4>\n<p style=\"text-align: right;\"><strong>Medalla de Oro<\/strong>. Museo Nacional de Bellas Artes. Buenos Aires. Argentina. 1995.<\/p><\/div><\/div><\/div><div class='dt-sc-timeline right'><div class=\"column dt-sc-one-half\"><div class=\"dt-sc-timeline-content\"><h2><span>1994<\/span><\/h2><img loading=\"lazy\" decoding=\"async\" class=\"size-medium wp-image-9499 alignleft\" src=\"https:\/\/jacquesbedel.com\/wp-content\/uploads\/2023\/06\/66-1-300x161.jpg\" alt=\"\" width=\"300\" height=\"161\" srcset=\"https:\/\/jacquesbedel.com\/wp-content\/uploads\/2023\/06\/66-1-300x161.jpg 300w, https:\/\/jacquesbedel.com\/wp-content\/uploads\/2023\/06\/66-1-500x268.jpg 500w, https:\/\/jacquesbedel.com\/wp-content\/uploads\/2023\/06\/66-1-768x411.jpg 768w, https:\/\/jacquesbedel.com\/wp-content\/uploads\/2023\/06\/66-1.jpg 1024w\" sizes=\"(max-width: 300px) 100vw, 300px\" \/><\/p>\n<h4><\/h4>\n<h4><\/h4>\n<h4><\/h4>\n<h4><\/h4>\n<h4><\/h4>\n<p>&nbsp;<\/p>\n<p>&nbsp;<\/p>\n<p>&nbsp;<\/p>\n<p>&nbsp;<\/p>\n<p>&nbsp;<\/p>\n<p>&nbsp;<\/p>\n<p>PREMIO GALER\u00cdA DEL ESTE<\/p>\n<p><strong>Premio especial del jurado<\/strong>. Centro Cultural Recoleta. Buenos Aires. Argentina. 1994.<\/div><\/div><\/div><div class='dt-sc-timeline left'><div class=\"column dt-sc-one-half\"><div class=\"dt-sc-timeline-content\"><h2><span>1993<\/span><\/h2><img loading=\"lazy\" decoding=\"async\" class=\"size-medium wp-image-9480 alignright\" src=\"https:\/\/jacquesbedel.com\/wp-content\/uploads\/2023\/06\/37-264x300.jpg\" alt=\"\" width=\"264\" height=\"300\" srcset=\"https:\/\/jacquesbedel.com\/wp-content\/uploads\/2023\/06\/37-264x300.jpg 264w, https:\/\/jacquesbedel.com\/wp-content\/uploads\/2023\/06\/37-500x569.jpg 500w, https:\/\/jacquesbedel.com\/wp-content\/uploads\/2023\/06\/37-900x1024.jpg 900w, https:\/\/jacquesbedel.com\/wp-content\/uploads\/2023\/06\/37-768x874.jpg 768w, https:\/\/jacquesbedel.com\/wp-content\/uploads\/2023\/06\/37.jpg 1024w\" sizes=\"(max-width: 264px) 100vw, 264px\" \/><\/p>\n<h4><\/h4>\n<h4><\/h4>\n<h4><\/h4>\n<h4><\/h4>\n<h4><\/h4>\n<h4><\/h4>\n<h4><\/h4>\n<p>&nbsp;<\/p>\n<p>&nbsp;<\/p>\n<p>&nbsp;<\/p>\n<p>&nbsp;<\/p>\n<p>&nbsp;<\/p>\n<p>&nbsp;<\/p>\n<p>&nbsp;<\/p>\n<p>&nbsp;<\/p>\n<p>&nbsp;<\/p>\n<p>&nbsp;<\/p>\n<h4 style=\"text-align: right;\">PREMIO FONDO NACIONAL DE LAS ARTES<\/h4>\n<p style=\"text-align: right;\">Fondo Nacional de las Artes. Buenos Aires. Argentina. 1993.<\/p><\/div><\/div><\/div><div class='dt-sc-timeline right'><div class=\"column dt-sc-one-half\"><div class=\"dt-sc-timeline-content\"><h2><span>1992<\/span><\/h2><img loading=\"lazy\" decoding=\"async\" class=\"size-medium wp-image-9481 alignleft\" src=\"https:\/\/jacquesbedel.com\/wp-content\/uploads\/2023\/06\/38-300x300.jpg\" alt=\"\" width=\"300\" height=\"300\" srcset=\"https:\/\/jacquesbedel.com\/wp-content\/uploads\/2023\/06\/38-300x300.jpg 300w, https:\/\/jacquesbedel.com\/wp-content\/uploads\/2023\/06\/38-500x499.jpg 500w, https:\/\/jacquesbedel.com\/wp-content\/uploads\/2023\/06\/38-100x100.jpg 100w, https:\/\/jacquesbedel.com\/wp-content\/uploads\/2023\/06\/38-150x150.jpg 150w, https:\/\/jacquesbedel.com\/wp-content\/uploads\/2023\/06\/38-768x766.jpg 768w, https:\/\/jacquesbedel.com\/wp-content\/uploads\/2023\/06\/38.jpg 1024w\" sizes=\"(max-width: 300px) 100vw, 300px\" \/><\/p>\n<h4><\/h4>\n<h4><\/h4>\n<h4><\/h4>\n<h4><\/h4>\n<h4><\/h4>\n<h4><\/h4>\n<h4><\/h4>\n<h4><\/h4>\n<p>&nbsp;<\/p>\n<p>&nbsp;<\/p>\n<p>&nbsp;<\/p>\n<p>&nbsp;<\/p>\n<p>&nbsp;<\/p>\n<p>&nbsp;<\/p>\n<p>&nbsp;<\/p>\n<p>&nbsp;<\/p>\n<p>&nbsp;<\/p>\n<p>&nbsp;<\/p>\n<h4 style=\"text-align: left;\">PREMIO SIEMENS<\/h4>\n<p style=\"text-align: left;\">23\/03\/1992\u00a0\u00a0<strong>Medalla de Plata<\/strong>. Museo Nacional de Bellas Artes. Buenos Aires. Argentina.1992.<\/p>\n<p>&nbsp;<\/p>\n<h4><img loading=\"lazy\" decoding=\"async\" class=\"size-medium wp-image-9519 alignleft\" src=\"https:\/\/jacquesbedel.com\/wp-content\/uploads\/2023\/06\/106-300x172.jpg\" alt=\"\" width=\"300\" height=\"172\" srcset=\"https:\/\/jacquesbedel.com\/wp-content\/uploads\/2023\/06\/106-300x172.jpg 300w, https:\/\/jacquesbedel.com\/wp-content\/uploads\/2023\/06\/106-500x287.jpg 500w, https:\/\/jacquesbedel.com\/wp-content\/uploads\/2023\/06\/106-768x441.jpg 768w, https:\/\/jacquesbedel.com\/wp-content\/uploads\/2023\/06\/106.jpg 1024w\" sizes=\"(max-width: 300px) 100vw, 300px\" \/><\/h4>\n<h4><\/h4>\n<h4><\/h4>\n<h4><\/h4>\n<h4><\/h4>\n<h4><\/h4>\n<p>&nbsp;<\/p>\n<p>&nbsp;<\/p>\n<p>&nbsp;<\/p>\n<p>&nbsp;<\/p>\n<p>&nbsp;<\/p>\n<p>&nbsp;<\/p>\n<h4 style=\"text-align: left;\">PREMIO KONEX<\/h4>\n<p style=\"text-align: left;\">Centro Cultural San Mart\u00edn. Buenos Aires. Argentina. 1992.<\/p><\/div><\/div><\/div><div class='dt-sc-timeline left'><div class=\"column dt-sc-one-half\"><div class=\"dt-sc-timeline-content\"><h2><span>1991<\/span><\/h2><img loading=\"lazy\" decoding=\"async\" class=\"alignnone size-medium wp-image-9479 alignright\" src=\"https:\/\/jacquesbedel.com\/wp-content\/uploads\/2023\/06\/27-300x121.jpg\" alt=\"\" width=\"300\" height=\"121\" srcset=\"https:\/\/jacquesbedel.com\/wp-content\/uploads\/2023\/06\/27-300x121.jpg 300w, https:\/\/jacquesbedel.com\/wp-content\/uploads\/2023\/06\/27-500x202.jpg 500w, https:\/\/jacquesbedel.com\/wp-content\/uploads\/2023\/06\/27-768x310.jpg 768w, https:\/\/jacquesbedel.com\/wp-content\/uploads\/2023\/06\/27.jpg 1024w\" sizes=\"(max-width: 300px) 100vw, 300px\" \/><\/p>\n<p>&nbsp;<\/p>\n<p>&nbsp;<\/p>\n<p>&nbsp;<\/p>\n<p>&nbsp;<\/p>\n<p>&nbsp;<\/p>\n<h4 style=\"text-align: right;\">PREMIO HOECHST<\/h4>\n<h4 style=\"text-align: right;\">MENSI\u00d3N ESPECIAL GALER\u00cdA DE ARTE HARRODS. BUENOS AIRES. ARGENTINA. 1991.<\/h4><\/div><\/div><\/div><div class='dt-sc-timeline right'><div class=\"column dt-sc-one-half\"><div class=\"dt-sc-timeline-content\"><h2><span>1990<\/span><\/h2><img loading=\"lazy\" decoding=\"async\" class=\"alignnone size-medium wp-image-9482 alignleft\" src=\"https:\/\/jacquesbedel.com\/wp-content\/uploads\/2023\/06\/39-170x300.jpg\" alt=\"\" width=\"170\" height=\"300\" srcset=\"https:\/\/jacquesbedel.com\/wp-content\/uploads\/2023\/06\/39-170x300.jpg 170w, https:\/\/jacquesbedel.com\/wp-content\/uploads\/2023\/06\/39-500x883.jpg 500w, https:\/\/jacquesbedel.com\/wp-content\/uploads\/2023\/06\/39-580x1024.jpg 580w, https:\/\/jacquesbedel.com\/wp-content\/uploads\/2023\/06\/39-768x1357.jpg 768w, https:\/\/jacquesbedel.com\/wp-content\/uploads\/2023\/06\/39-869x1536.jpg 869w, https:\/\/jacquesbedel.com\/wp-content\/uploads\/2023\/06\/39.jpg 1024w\" sizes=\"(max-width: 170px) 100vw, 170px\" \/><\/p>\n<h4><\/h4>\n<h4><\/h4>\n<h4><\/h4>\n<h4><\/h4>\n<h4><\/h4>\n<h4><\/h4>\n<h4><\/h4>\n<h4><\/h4>\n<p>&nbsp;<\/p>\n<p>&nbsp;<\/p>\n<p>&nbsp;<\/p>\n<p>&nbsp;<\/p>\n<p>&nbsp;<\/p>\n<p>&nbsp;<\/p>\n<p>&nbsp;<\/p>\n<p>&nbsp;<\/p>\n<p>&nbsp;<\/p>\n<p>&nbsp;<\/p>\n<h4 style=\"text-align: left;\">PREMIO ALTO PALERMO<\/h4>\n<p style=\"text-align: left;\"><strong>Menci\u00f3n Honor\u00edfica<\/strong>. Centro de Arte y Comunicaci\u00f3n. Buenos Aires. Argentina. 1990.<\/p><\/div><\/div><\/div><div class='dt-sc-timeline left'><div class=\"column dt-sc-one-half\"><div class=\"dt-sc-timeline-content\"><h2><span>1988<\/span><\/h2><img loading=\"lazy\" decoding=\"async\" class=\"alignnone size-medium wp-image-9494 alignright\" src=\"https:\/\/jacquesbedel.com\/wp-content\/uploads\/2023\/06\/59-1-199x300.jpg\" alt=\"\" width=\"199\" height=\"300\" srcset=\"https:\/\/jacquesbedel.com\/wp-content\/uploads\/2023\/06\/59-1-199x300.jpg 199w, https:\/\/jacquesbedel.com\/wp-content\/uploads\/2023\/06\/59-1-500x753.jpg 500w, https:\/\/jacquesbedel.com\/wp-content\/uploads\/2023\/06\/59-1-680x1024.jpg 680w, https:\/\/jacquesbedel.com\/wp-content\/uploads\/2023\/06\/59-1-768x1157.jpg 768w, https:\/\/jacquesbedel.com\/wp-content\/uploads\/2023\/06\/59-1-1019x1536.jpg 1019w, https:\/\/jacquesbedel.com\/wp-content\/uploads\/2023\/06\/59-1.jpg 1024w\" sizes=\"(max-width: 199px) 100vw, 199px\" \/><\/p>\n<p>&nbsp;<\/p>\n<p>&nbsp;<\/p>\n<p>&nbsp;<\/p>\n<p>&nbsp;<\/p>\n<p>&nbsp;<\/p>\n<p>&nbsp;<\/p>\n<p>&nbsp;<\/p>\n<p>&nbsp;<\/p>\n<p>&nbsp;<\/p>\n<h4><\/h4>\n<h4 style=\"text-align: right;\">PREMIO ARQUITECTO DE AM\u00c9RICA<\/h4>\n<p style=\"text-align: right;\"><strong>Primer Premio<\/strong>. Federaci\u00f3n Panamericana de Asociaciones de Arquitectos y Regi\u00f3n III de la Uni\u00f3n Internacional de Arquitectos.<\/p><\/div><\/div><\/div><div class='dt-sc-timeline right'><div class=\"column dt-sc-one-half\"><div class=\"dt-sc-timeline-content\"><h2><span>1987<\/span><\/h2><h4><img loading=\"lazy\" decoding=\"async\" class=\"alignnone size-medium wp-image-9492 alignleft\" src=\"https:\/\/jacquesbedel.com\/wp-content\/uploads\/2023\/06\/55-300x186.jpg\" alt=\"\" width=\"300\" height=\"186\" srcset=\"https:\/\/jacquesbedel.com\/wp-content\/uploads\/2023\/06\/55-300x186.jpg 300w, https:\/\/jacquesbedel.com\/wp-content\/uploads\/2023\/06\/55-500x310.jpg 500w, https:\/\/jacquesbedel.com\/wp-content\/uploads\/2023\/06\/55-768x476.jpg 768w, https:\/\/jacquesbedel.com\/wp-content\/uploads\/2023\/06\/55.jpg 1024w\" sizes=\"(max-width: 300px) 100vw, 300px\" \/><\/h4>\n<h4><\/h4>\n<h4><\/h4>\n<h4><\/h4>\n<h4><\/h4>\n<h4><\/h4>\n<p>&nbsp;<\/p>\n<p>&nbsp;<\/p>\n<p>&nbsp;<\/p>\n<p>&nbsp;<\/p>\n<p>&nbsp;<\/p>\n<p>&nbsp;<\/p>\n<p>&nbsp;<\/p>\n<h4 style=\"text-align: left;\">II BIENAL INTERNACIONAL DE ARQUITECTURA DE BUENOS AIRES<\/h4>\n<p style=\"text-align: left;\">25\/03\/1987\u00a0\u00a0<strong>Medalla de Oro<\/strong>. Buenos Aires. Argentina.<\/p>\n<h4 style=\"text-align: left;\"><\/h4>\n<p>&nbsp;<\/p>\n<p>&nbsp;<\/p>\n<h4 style=\"text-align: left;\"><img loading=\"lazy\" decoding=\"async\" class=\"size-medium wp-image-9491 alignleft\" src=\"https:\/\/jacquesbedel.com\/wp-content\/uploads\/2023\/06\/49-188x300.jpg\" alt=\"\" width=\"188\" height=\"300\" srcset=\"https:\/\/jacquesbedel.com\/wp-content\/uploads\/2023\/06\/49-188x300.jpg 188w, https:\/\/jacquesbedel.com\/wp-content\/uploads\/2023\/06\/49-500x796.jpg 500w, https:\/\/jacquesbedel.com\/wp-content\/uploads\/2023\/06\/49-643x1024.jpg 643w, https:\/\/jacquesbedel.com\/wp-content\/uploads\/2023\/06\/49-768x1223.jpg 768w, https:\/\/jacquesbedel.com\/wp-content\/uploads\/2023\/06\/49-965x1536.jpg 965w, https:\/\/jacquesbedel.com\/wp-content\/uploads\/2023\/06\/49.jpg 1024w\" sizes=\"(max-width: 188px) 100vw, 188px\" \/><\/h4>\n<h4><\/h4>\n<h4><\/h4>\n<h4><\/h4>\n<h4><\/h4>\n<h4><\/h4>\n<h4><\/h4>\n<h4><\/h4>\n<p>&nbsp;<\/p>\n<p>&nbsp;<\/p>\n<p>&nbsp;<\/p>\n<p>&nbsp;<\/p>\n<p>&nbsp;<\/p>\n<p>&nbsp;<\/p>\n<p>&nbsp;<\/p>\n<p>&nbsp;<\/p>\n<p>&nbsp;<\/p>\n<p>&nbsp;<\/p>\n<h4 style=\"text-align: left;\">PREMIO JURI<\/h4>\n<p style=\"text-align: left;\"><strong>Primer Premio de Escultura.<\/strong>\u00a0Centro Cultural Las Malvinas. Buenos Aires. Argentina. 1987.<\/p><\/div><\/div><\/div><div class='dt-sc-timeline left'><div class=\"column dt-sc-one-half\"><div class=\"dt-sc-timeline-content\"><h2><span>1986<\/span><\/h2><img loading=\"lazy\" decoding=\"async\" class=\"size-medium wp-image-9495 alignright\" src=\"https:\/\/jacquesbedel.com\/wp-content\/uploads\/2023\/06\/60-161x300.jpg\" alt=\"\" width=\"161\" height=\"300\" srcset=\"https:\/\/jacquesbedel.com\/wp-content\/uploads\/2023\/06\/60-161x300.jpg 161w, https:\/\/jacquesbedel.com\/wp-content\/uploads\/2023\/06\/60-500x931.jpg 500w, https:\/\/jacquesbedel.com\/wp-content\/uploads\/2023\/06\/60-550x1024.jpg 550w, https:\/\/jacquesbedel.com\/wp-content\/uploads\/2023\/06\/60-768x1430.jpg 768w, https:\/\/jacquesbedel.com\/wp-content\/uploads\/2023\/06\/60-825x1536.jpg 825w, https:\/\/jacquesbedel.com\/wp-content\/uploads\/2023\/06\/60.jpg 1024w\" sizes=\"(max-width: 161px) 100vw, 161px\" \/><\/p>\n<h4><\/h4>\n<h4><\/h4>\n<h4><\/h4>\n<h4><\/h4>\n<h4><\/h4>\n<h4><\/h4>\n<h4><\/h4>\n<h4><\/h4>\n<p>&nbsp;<\/p>\n<p>&nbsp;<\/p>\n<p>&nbsp;<\/p>\n<p>&nbsp;<\/p>\n<p>&nbsp;<\/p>\n<p>&nbsp;<\/p>\n<p>&nbsp;<\/p>\n<p>&nbsp;<\/p>\n<p>&nbsp;<\/p>\n<p>&nbsp;<\/p>\n<h4 style=\"text-align: right;\">PREMIO ARGENCARD-MASTERCARD<\/h4>\n<p style=\"text-align: right;\">25\/03\/1986\u00a0\u00a0<strong>Medalla de Plata<\/strong>. Asociaci\u00f3n Argentina de Cr\u00edticos de Arte. Buenos Aires. Argentina. 1986.<\/p>\n<p>&nbsp;<\/p>\n<p><img loading=\"lazy\" decoding=\"async\" class=\"size-medium wp-image-9496 alignright\" src=\"https:\/\/jacquesbedel.com\/wp-content\/uploads\/2023\/06\/61-1-244x300.jpg\" alt=\"\" width=\"244\" height=\"300\" srcset=\"https:\/\/jacquesbedel.com\/wp-content\/uploads\/2023\/06\/61-1-244x300.jpg 244w, https:\/\/jacquesbedel.com\/wp-content\/uploads\/2023\/06\/61-1-500x616.jpg 500w, https:\/\/jacquesbedel.com\/wp-content\/uploads\/2023\/06\/61-1-832x1024.jpg 832w, https:\/\/jacquesbedel.com\/wp-content\/uploads\/2023\/06\/61-1-768x946.jpg 768w, https:\/\/jacquesbedel.com\/wp-content\/uploads\/2023\/06\/61-1.jpg 1024w\" sizes=\"(max-width: 244px) 100vw, 244px\" \/><\/p>\n<h4><\/h4>\n<h4><\/h4>\n<h4><\/h4>\n<h4><\/h4>\n<h4><\/h4>\n<h4><\/h4>\n<p>&nbsp;<\/p>\n<h4><\/h4>\n<h4><\/h4>\n<h4><\/h4>\n<h4><\/h4>\n<h4><\/h4>\n<h4><\/h4>\n<h4><\/h4>\n<p>&nbsp;<\/p>\n<p>&nbsp;<\/p>\n<p>&nbsp;<\/p>\n<p>&nbsp;<\/p>\n<p>&nbsp;<\/p>\n<p>&nbsp;<\/p>\n<p>&nbsp;<\/p>\n<p>&nbsp;<\/p>\n<p>&nbsp;<\/p>\n<h4 style=\"text-align: right;\">PREMIO FORTABAT<\/h4>\n<p style=\"text-align: right;\"><strong>Menci\u00f3n Honor\u00edfica<\/strong>. Fundaci\u00f3n Alfredo Fortabat y Amalia Lacroze de Fortabat. Buenos Aires. Argentina. 1986.<\/p><\/div><\/div><\/div><div class='dt-sc-timeline right'><div class=\"column dt-sc-one-half\"><div class=\"dt-sc-timeline-content\"><h2><span>1985<\/span><\/h2><h4><img loading=\"lazy\" decoding=\"async\" class=\"alignnone size-medium wp-image-9497 alignleft\" src=\"https:\/\/jacquesbedel.com\/wp-content\/uploads\/2023\/06\/64-300x296.jpg\" alt=\"\" width=\"300\" height=\"296\" srcset=\"https:\/\/jacquesbedel.com\/wp-content\/uploads\/2023\/06\/64-300x296.jpg 300w, https:\/\/jacquesbedel.com\/wp-content\/uploads\/2023\/06\/64-100x100.jpg 100w, https:\/\/jacquesbedel.com\/wp-content\/uploads\/2023\/06\/64-500x493.jpg 500w, https:\/\/jacquesbedel.com\/wp-content\/uploads\/2023\/06\/64-768x758.jpg 768w, https:\/\/jacquesbedel.com\/wp-content\/uploads\/2023\/06\/64.jpg 1024w\" sizes=\"(max-width: 300px) 100vw, 300px\" \/><\/h4>\n<h4><\/h4>\n<h4><\/h4>\n<h4><\/h4>\n<h4><\/h4>\n<h4><\/h4>\n<h4><\/h4>\n<h4><\/h4>\n<h4><\/h4>\n<p>&nbsp;<\/p>\n<p>&nbsp;<\/p>\n<p>&nbsp;<\/p>\n<p>&nbsp;<\/p>\n<p>&nbsp;<\/p>\n<p>&nbsp;<\/p>\n<p>&nbsp;<\/p>\n<p>&nbsp;<\/p>\n<p>&nbsp;<\/p>\n<p>&nbsp;<\/p>\n<h4 style=\"text-align: left;\">PREMIO ILIDE<\/h4>\n<p style=\"text-align: left;\"><strong>Primer Premio<\/strong>. Instituto Latinoamericano de Integraci\u00f3n y Desarrollo. Asociaci\u00f3n Argentina de Cr\u00edticos de Arte. Buenos Aires. Argentina. 1985<\/p><\/div><\/div><\/div><div class='dt-sc-timeline left'><div class=\"column dt-sc-one-half\"><div class=\"dt-sc-timeline-content\"><h2><span>1983<\/span><\/h2><img loading=\"lazy\" decoding=\"async\" class=\"size-medium wp-image-9509 alignright\" src=\"https:\/\/jacquesbedel.com\/wp-content\/uploads\/2023\/06\/95-300x132.jpg\" alt=\"\" width=\"300\" height=\"132\" srcset=\"https:\/\/jacquesbedel.com\/wp-content\/uploads\/2023\/06\/95-300x132.jpg 300w, https:\/\/jacquesbedel.com\/wp-content\/uploads\/2023\/06\/95-500x219.jpg 500w, https:\/\/jacquesbedel.com\/wp-content\/uploads\/2023\/06\/95-768x337.jpg 768w, https:\/\/jacquesbedel.com\/wp-content\/uploads\/2023\/06\/95.jpg 1024w\" sizes=\"(max-width: 300px) 100vw, 300px\" \/><\/p>\n<h4><\/h4>\n<h4><\/h4>\n<h4><\/h4>\n<h4><\/h4>\n<h4><\/h4>\n<h4><\/h4>\n<h4><\/h4>\n<h4><\/h4>\n<h4><\/h4>\n<h4><\/h4>\n<p>&nbsp;<\/p>\n<p>&nbsp;<\/p>\n<p>&nbsp;<\/p>\n<p>&nbsp;<\/p>\n<h4><\/h4>\n<h4 style=\"text-align: right;\">PREMIO MEJOR EXPOSICI\u00d3N DEL A\u00d1O<\/h4>\n<p style=\"text-align: right;\">25\/03\/1983\u00a0 Centro de Arte y Comunicaci\u00f3n. Asociaci\u00f3n Argentina de Cr\u00edticos de Arte. Buenos Aires. Argentina. 1983.<\/p><\/div><\/div><\/div><div class='dt-sc-timeline right'><div class=\"column dt-sc-one-half\"><div class=\"dt-sc-timeline-content\"><h2><span>1982<\/span><\/h2><h4><img loading=\"lazy\" decoding=\"async\" class=\"alignnone size-medium wp-image-9518 alignleft\" src=\"https:\/\/jacquesbedel.com\/wp-content\/uploads\/2023\/06\/105-300x191.jpg\" alt=\"\" width=\"300\" height=\"191\" srcset=\"https:\/\/jacquesbedel.com\/wp-content\/uploads\/2023\/06\/105-300x191.jpg 300w, https:\/\/jacquesbedel.com\/wp-content\/uploads\/2023\/06\/105-500x318.jpg 500w, https:\/\/jacquesbedel.com\/wp-content\/uploads\/2023\/06\/105-768x489.jpg 768w, https:\/\/jacquesbedel.com\/wp-content\/uploads\/2023\/06\/105.jpg 1024w\" sizes=\"(max-width: 300px) 100vw, 300px\" \/><\/h4>\n<h4><\/h4>\n<h4><\/h4>\n<h4><\/h4>\n<h4><\/h4>\n<h4><\/h4>\n<h4><\/h4>\n<p>&nbsp;<\/p>\n<p>&nbsp;<\/p>\n<p>&nbsp;<\/p>\n<p>&nbsp;<\/p>\n<p>&nbsp;<\/p>\n<p>&nbsp;<\/p>\n<p>&nbsp;<\/p>\n<h4><\/h4>\n<h4><\/h4>\n<h4 style=\"text-align: left;\">VISITING FELLOW<\/h4>\n<h4 style=\"text-align: left;\">01\/03\/1982\u00a0 UNIVERSIDAD DE CORNELL. DEPARTAMENTO DE ASTRONOM\u00cdA. ITHACA. ESTADOS UNIDOS.<\/h4>\n<p style=\"text-align: left;\"><img loading=\"lazy\" decoding=\"async\" class=\"size-medium wp-image-9517 alignleft\" src=\"https:\/\/jacquesbedel.com\/wp-content\/uploads\/2023\/06\/104-300x112.jpg\" alt=\"\" width=\"300\" height=\"112\" srcset=\"https:\/\/jacquesbedel.com\/wp-content\/uploads\/2023\/06\/104-300x112.jpg 300w, https:\/\/jacquesbedel.com\/wp-content\/uploads\/2023\/06\/104-500x187.jpg 500w, https:\/\/jacquesbedel.com\/wp-content\/uploads\/2023\/06\/104-768x287.jpg 768w, https:\/\/jacquesbedel.com\/wp-content\/uploads\/2023\/06\/104.jpg 1024w\" sizes=\"(max-width: 300px) 100vw, 300px\" \/><\/p>\n<h4><\/h4>\n<h4><\/h4>\n<h4><\/h4>\n<h4><\/h4>\n<h4><\/h4>\n<p>&nbsp;<\/p>\n<p>&nbsp;<\/p>\n<p>&nbsp;<\/p>\n<h4><\/h4>\n<h4><\/h4>\n<p>&nbsp;<\/p>\n<h4 style=\"text-align: left;\">PREMIO FULBRIGHT<\/h4>\n<h4 style=\"text-align: left;\">INVESTIGACI\u00d3N EN EL NATIONAL ASTRONOMY AND IONOSPHERE CENTER, CORNELL UNIVERSITY Y N.A.S.A., WASHINGTON. ESTADOS UNIDOS DE NORTEAM\u00c9RICA. 1982.<\/h4><\/div><\/div><\/div><div class='dt-sc-timeline left'><div class=\"column dt-sc-one-half\"><div class=\"dt-sc-timeline-content\"><h2><span>1981<\/span><\/h2><img loading=\"lazy\" decoding=\"async\" class=\"size-medium wp-image-9516 alignright\" src=\"https:\/\/jacquesbedel.com\/wp-content\/uploads\/2023\/06\/103-300x254.jpg\" alt=\"\" width=\"300\" height=\"254\" srcset=\"https:\/\/jacquesbedel.com\/wp-content\/uploads\/2023\/06\/103-300x254.jpg 300w, https:\/\/jacquesbedel.com\/wp-content\/uploads\/2023\/06\/103-500x423.jpg 500w, https:\/\/jacquesbedel.com\/wp-content\/uploads\/2023\/06\/103-768x650.jpg 768w, https:\/\/jacquesbedel.com\/wp-content\/uploads\/2023\/06\/103.jpg 1024w\" sizes=\"(max-width: 300px) 100vw, 300px\" \/><\/p>\n<h4><\/h4>\n<h4><\/h4>\n<h4><\/h4>\n<h4><\/h4>\n<h4><\/h4>\n<h4><\/h4>\n<h4><\/h4>\n<p>&nbsp;<\/p>\n<p>&nbsp;<\/p>\n<p>&nbsp;<\/p>\n<p>&nbsp;<\/p>\n<p>&nbsp;<\/p>\n<p>&nbsp;<\/p>\n<p>&nbsp;<\/p>\n<p>&nbsp;<\/p>\n<h4><\/h4>\n<h4 style=\"text-align: right;\">PREMIO CEPA DE ARQUITECTURA<\/h4>\n<p style=\"text-align: right;\">Centro de Estudios y Proyectaci\u00f3n del Ambiente. Buenos Aires. Argentina. 1981.<\/p><\/div><\/div><\/div><div class='dt-sc-timeline right'><div class=\"column dt-sc-one-half\"><div class=\"dt-sc-timeline-content\"><h2><span>1980<\/span><\/h2><h4><img loading=\"lazy\" decoding=\"async\" class=\"size-medium wp-image-9515 alignleft\" src=\"https:\/\/jacquesbedel.com\/wp-content\/uploads\/2023\/06\/102-152x300.jpg\" alt=\"\" width=\"152\" height=\"300\" srcset=\"https:\/\/jacquesbedel.com\/wp-content\/uploads\/2023\/06\/102-152x300.jpg 152w, https:\/\/jacquesbedel.com\/wp-content\/uploads\/2023\/06\/102-500x985.jpg 500w, https:\/\/jacquesbedel.com\/wp-content\/uploads\/2023\/06\/102-520x1024.jpg 520w, https:\/\/jacquesbedel.com\/wp-content\/uploads\/2023\/06\/102-768x1513.jpg 768w, https:\/\/jacquesbedel.com\/wp-content\/uploads\/2023\/06\/102-780x1536.jpg 780w, https:\/\/jacquesbedel.com\/wp-content\/uploads\/2023\/06\/102.jpg 1024w\" sizes=\"(max-width: 152px) 100vw, 152px\" \/><\/h4>\n<h4><\/h4>\n<h4><\/h4>\n<p>&nbsp;<\/p>\n<p>&nbsp;<\/p>\n<p>&nbsp;<\/p>\n<p>&nbsp;<\/p>\n<p>&nbsp;<\/p>\n<p>&nbsp;<\/p>\n<p>&nbsp;<\/p>\n<p>&nbsp;<\/p>\n<p>&nbsp;<\/p>\n<p>&nbsp;<\/p>\n<h4><\/h4>\n<h4><\/h4>\n<h4><\/h4>\n<h4><\/h4>\n<h4><\/h4>\n<h4>PREMIO MOSCONI<\/h4>\n<p>25\/03\/1980\u00a0\u00a0<strong>Primer Premio<\/strong>. Ministerio de Defensa. Buenos Aires. Argentina. 1980.<\/p>\n<p>&nbsp;<\/p>\n<p><img loading=\"lazy\" decoding=\"async\" class=\"size-medium wp-image-9514 alignleft\" src=\"https:\/\/jacquesbedel.com\/wp-content\/uploads\/2023\/06\/101-300x199.jpg\" alt=\"\" width=\"300\" height=\"199\" srcset=\"https:\/\/jacquesbedel.com\/wp-content\/uploads\/2023\/06\/101-300x199.jpg 300w, https:\/\/jacquesbedel.com\/wp-content\/uploads\/2023\/06\/101-500x332.jpg 500w, https:\/\/jacquesbedel.com\/wp-content\/uploads\/2023\/06\/101-768x510.jpg 768w, https:\/\/jacquesbedel.com\/wp-content\/uploads\/2023\/06\/101.jpg 1024w\" sizes=\"(max-width: 300px) 100vw, 300px\" \/><\/p>\n<h4><\/h4>\n<h4><\/h4>\n<h4><\/h4>\n<h4><\/h4>\n<h4><\/h4>\n<h4><\/h4>\n<p>&nbsp;<\/p>\n<p>&nbsp;<\/p>\n<p>&nbsp;<\/p>\n<p>&nbsp;<\/p>\n<p>&nbsp;<\/p>\n<p>&nbsp;<\/p>\n<h4><\/h4>\n<h4>I BIENAL INTERNACIONAL DE ARTE DE MONTEVIDEO<\/h4>\n<p>25\/03\/1980\u00a0\u00a0<strong>Gran Premio de Honor<\/strong><strong>.<\/strong>\u00a0Museo Nacional de Artes Pl\u00e1sticas. Montevideo. Uruguay.1980.<\/p>\n<p>&nbsp;<\/p>\n<h4><img loading=\"lazy\" decoding=\"async\" class=\"size-medium wp-image-9498 alignleft\" src=\"https:\/\/jacquesbedel.com\/wp-content\/uploads\/2023\/06\/65-59x300.jpg\" alt=\"\" width=\"59\" height=\"300\" \/><\/h4>\n<h4><\/h4>\n<h4><\/h4>\n<h4><\/h4>\n<h4><\/h4>\n<h4><\/h4>\n<h4><\/h4>\n<h4><\/h4>\n<h4><\/h4>\n<p>&nbsp;<\/p>\n<p>&nbsp;<\/p>\n<p>&nbsp;<\/p>\n<p>&nbsp;<\/p>\n<p>&nbsp;<\/p>\n<p>&nbsp;<\/p>\n<p>&nbsp;<\/p>\n<p>&nbsp;<\/p>\n<p>&nbsp;<\/p>\n<h4>PREMIO IV CENTENARIO<\/h4>\n<p><strong>Menci\u00f3n Especial<\/strong>.Fundaci\u00f3n Gillette. Concurso Monumento al IV Centenario de la ciudad de Buenos Aires. Argentina. 1980<\/div><\/div><\/div><div class='dt-sc-timeline left'><div class=\"column dt-sc-one-half\"><div class=\"dt-sc-timeline-content\"><h2><span>1979<\/span><\/h2><img loading=\"lazy\" decoding=\"async\" class=\"size-medium wp-image-9513 alignright\" src=\"https:\/\/jacquesbedel.com\/wp-content\/uploads\/2023\/06\/100-300x113.jpg\" alt=\"\" width=\"300\" height=\"113\" srcset=\"https:\/\/jacquesbedel.com\/wp-content\/uploads\/2023\/06\/100-300x113.jpg 300w, https:\/\/jacquesbedel.com\/wp-content\/uploads\/2023\/06\/100-500x188.jpg 500w, https:\/\/jacquesbedel.com\/wp-content\/uploads\/2023\/06\/100-768x288.jpg 768w, https:\/\/jacquesbedel.com\/wp-content\/uploads\/2023\/06\/100.jpg 1024w\" sizes=\"(max-width: 300px) 100vw, 300px\" \/><\/p>\n<h4><\/h4>\n<h4><\/h4>\n<h4><\/h4>\n<h4><\/h4>\n<p>&nbsp;<\/p>\n<p>&nbsp;<\/p>\n<p>&nbsp;<\/p>\n<p>&nbsp;<\/p>\n<h4><\/h4>\n<h4 style=\"text-align: right;\">PREMIO PEREL<\/h4>\n<p style=\"text-align: right;\"><strong>Menci\u00f3n Honor\u00edfica<\/strong>. Museo de Arte Moderno. Buenos Aires. Argentina. 1979.<\/p><\/div><\/div><\/div><div class='dt-sc-timeline right'><div class=\"column dt-sc-one-half\"><div class=\"dt-sc-timeline-content\"><h2><span>1978<\/span><\/h2><img loading=\"lazy\" decoding=\"async\" class=\"alignnone size-medium wp-image-9493 alignleft\" src=\"https:\/\/jacquesbedel.com\/wp-content\/uploads\/2023\/06\/57-300x244.jpg\" alt=\"\" width=\"300\" height=\"244\" srcset=\"https:\/\/jacquesbedel.com\/wp-content\/uploads\/2023\/06\/57-300x244.jpg 300w, https:\/\/jacquesbedel.com\/wp-content\/uploads\/2023\/06\/57-500x407.jpg 500w, https:\/\/jacquesbedel.com\/wp-content\/uploads\/2023\/06\/57-768x625.jpg 768w, https:\/\/jacquesbedel.com\/wp-content\/uploads\/2023\/06\/57.jpg 1024w\" sizes=\"(max-width: 300px) 100vw, 300px\" \/><\/p>\n<h4><\/h4>\n<h4><\/h4>\n<h4><\/h4>\n<h4><\/h4>\n<h4><\/h4>\n<h4><\/h4>\n<h4><\/h4>\n<p>&nbsp;<\/p>\n<p>&nbsp;<\/p>\n<p>&nbsp;<\/p>\n<p>&nbsp;<\/p>\n<p>&nbsp;<\/p>\n<p>&nbsp;<\/p>\n<p>&nbsp;<\/p>\n<p>&nbsp;<\/p>\n<h4 style=\"text-align: left;\">PREMIO LA JOVEN GENERACI\u00d3N<\/h4>\n<p style=\"text-align: left;\"><strong>Primer Premio de la Cr\u00edtica de Arte<\/strong>. Centro de Arte y Comunicaci\u00f3n. Buenos Aires. Argentina. 1978.<\/p><\/div><\/div><\/div><div class='dt-sc-timeline left'><div class=\"column dt-sc-one-half\"><div class=\"dt-sc-timeline-content\"><h2><span>1977<\/span><\/h2><img loading=\"lazy\" decoding=\"async\" class=\"alignnone size-medium wp-image-9512 alignright\" src=\"https:\/\/jacquesbedel.com\/wp-content\/uploads\/2023\/06\/99-300x223.jpg\" alt=\"\" width=\"300\" height=\"223\" srcset=\"https:\/\/jacquesbedel.com\/wp-content\/uploads\/2023\/06\/99-300x223.jpg 300w, https:\/\/jacquesbedel.com\/wp-content\/uploads\/2023\/06\/99-500x372.jpg 500w, https:\/\/jacquesbedel.com\/wp-content\/uploads\/2023\/06\/99-768x572.jpg 768w, https:\/\/jacquesbedel.com\/wp-content\/uploads\/2023\/06\/99.jpg 1024w\" sizes=\"(max-width: 300px) 100vw, 300px\" \/><\/p>\n<h4><\/h4>\n<h4><\/h4>\n<h4><\/h4>\n<h4><\/h4>\n<h4><\/h4>\n<h4><\/h4>\n<p>&nbsp;<\/p>\n<p>&nbsp;<\/p>\n<p>&nbsp;<\/p>\n<p>&nbsp;<\/p>\n<p>&nbsp;<\/p>\n<p>&nbsp;<\/p>\n<p>&nbsp;<\/p>\n<p>&nbsp;<\/p>\n<h4 style=\"text-align: right;\">XIV BIENAL INTERNACIONAL DE ARTE DE S\u00c3O PAULO<\/h4>\n<p style=\"text-align: right;\"><strong>Gran Premio de Honor.<\/strong>\u00a0Premio Itamaraty. San Pablo. Brasil. 1977.<\/p><\/div><\/div><\/div><div class='dt-sc-timeline right'><div class=\"column dt-sc-one-half\"><div class=\"dt-sc-timeline-content\"><h2><span>1975<\/span><\/h2><img loading=\"lazy\" decoding=\"async\" class=\"alignnone size-medium wp-image-9511 alignleft\" src=\"https:\/\/jacquesbedel.com\/wp-content\/uploads\/2023\/06\/97-300x214.jpg\" alt=\"\" width=\"300\" height=\"214\" srcset=\"https:\/\/jacquesbedel.com\/wp-content\/uploads\/2023\/06\/97-300x214.jpg 300w, https:\/\/jacquesbedel.com\/wp-content\/uploads\/2023\/06\/97-500x356.jpg 500w, https:\/\/jacquesbedel.com\/wp-content\/uploads\/2023\/06\/97-768x548.jpg 768w, https:\/\/jacquesbedel.com\/wp-content\/uploads\/2023\/06\/97.jpg 1024w\" sizes=\"(max-width: 300px) 100vw, 300px\" \/><\/p>\n<h4><\/h4>\n<h4><\/h4>\n<h4><\/h4>\n<h4><\/h4>\n<h4><\/h4>\n<h4><\/h4>\n<p>&nbsp;<\/p>\n<p>&nbsp;<\/p>\n<p>&nbsp;<\/p>\n<p>&nbsp;<\/p>\n<p>&nbsp;<\/p>\n<p>&nbsp;<\/p>\n<p>&nbsp;<\/p>\n<h4 style=\"text-align: left;\">PREMIO INTERNACIONAL DE LAS NACIONES UNIDAS<\/h4>\n<p style=\"text-align: left;\"><strong>Medalla de Oro<\/strong>. Commited Figurative Art. Slovenj Gradec. Yugoslavia. 1975.<\/p><\/div><\/div><\/div><div class='dt-sc-timeline left'><div class=\"column dt-sc-one-half\"><div class=\"dt-sc-timeline-content\"><h2><span>1974<\/span><\/h2><img loading=\"lazy\" decoding=\"async\" class=\"alignnone size-medium wp-image-9510 alignright\" src=\"https:\/\/jacquesbedel.com\/wp-content\/uploads\/2023\/06\/96-300x182.jpg\" alt=\"\" width=\"300\" height=\"182\" srcset=\"https:\/\/jacquesbedel.com\/wp-content\/uploads\/2023\/06\/96-300x182.jpg 300w, https:\/\/jacquesbedel.com\/wp-content\/uploads\/2023\/06\/96-500x304.jpg 500w, https:\/\/jacquesbedel.com\/wp-content\/uploads\/2023\/06\/96-768x467.jpg 768w, https:\/\/jacquesbedel.com\/wp-content\/uploads\/2023\/06\/96.jpg 1024w\" sizes=\"(max-width: 300px) 100vw, 300px\" \/><\/p>\n<h4><\/h4>\n<h4><\/h4>\n<h4><\/h4>\n<h4><\/h4>\n<h4><\/h4>\n<p>&nbsp;<\/p>\n<p>&nbsp;<\/p>\n<p>&nbsp;<\/p>\n<p>&nbsp;<\/p>\n<p>&nbsp;<\/p>\n<p>&nbsp;<\/p>\n<p>&nbsp;<\/p>\n<h4 style=\"text-align: right;\">BECA BRITISH COUNCIL<\/h4>\n<h4 style=\"text-align: right;\"><strong>BECADO POR EL GOBIERNO DE INGLATERRA<\/strong>\u00a0PARA LA INVESTIGACI\u00d3N CON NUEVOS MATERIALES PARA ESCULTURA. LONDRES. GRAN BRETA\u00d1A. 1974.<\/h4><\/div><\/div><\/div><div class='dt-sc-timeline right'><div class=\"column dt-sc-one-half\"><div class=\"dt-sc-timeline-content\"><h2><span>1972<\/span><\/h2><img loading=\"lazy\" decoding=\"async\" class=\"alignnone size-medium wp-image-9507 alignleft\" src=\"https:\/\/jacquesbedel.com\/wp-content\/uploads\/2023\/06\/91-300x98.jpg\" alt=\"\" width=\"300\" height=\"98\" srcset=\"https:\/\/jacquesbedel.com\/wp-content\/uploads\/2023\/06\/91-300x98.jpg 300w, https:\/\/jacquesbedel.com\/wp-content\/uploads\/2023\/06\/91-500x164.jpg 500w, https:\/\/jacquesbedel.com\/wp-content\/uploads\/2023\/06\/91-768x252.jpg 768w, https:\/\/jacquesbedel.com\/wp-content\/uploads\/2023\/06\/91.jpg 1024w\" sizes=\"(max-width: 300px) 100vw, 300px\" \/><\/p>\n<h4><\/h4>\n<h4><\/h4>\n<h4><\/h4>\n<p>&nbsp;<\/p>\n<p>&nbsp;<\/p>\n<p>&nbsp;<\/p>\n<p>&nbsp;<\/p>\n<h4 style=\"text-align: left;\">III PREMIO ARTISTAS CON ACR\u00cdLICOPAOLINI<\/h4>\n<p style=\"text-align: left;\">25\/03\/1972\u00a0\u00a0<strong>Primer Premio<\/strong>. Museo de Arte Moderno. Buenos Aires. Argentina. 1972.<\/p>\n<p>&nbsp;<\/p>\n<p style=\"text-align: left;\"><img loading=\"lazy\" decoding=\"async\" class=\"size-medium wp-image-9508 alignleft\" src=\"https:\/\/jacquesbedel.com\/wp-content\/uploads\/2023\/06\/94-300x190.jpg\" alt=\"\" width=\"300\" height=\"190\" srcset=\"https:\/\/jacquesbedel.com\/wp-content\/uploads\/2023\/06\/94-300x190.jpg 300w, https:\/\/jacquesbedel.com\/wp-content\/uploads\/2023\/06\/94-500x317.jpg 500w, https:\/\/jacquesbedel.com\/wp-content\/uploads\/2023\/06\/94-768x487.jpg 768w, https:\/\/jacquesbedel.com\/wp-content\/uploads\/2023\/06\/94.jpg 1024w\" sizes=\"(max-width: 300px) 100vw, 300px\" \/><\/p>\n<p>&nbsp;<\/p>\n<p>&nbsp;<\/p>\n<p>&nbsp;<\/p>\n<p>&nbsp;<\/p>\n<p>&nbsp;<\/p>\n<p>&nbsp;<\/p>\n<p>&nbsp;<\/p>\n<h4 style=\"text-align: left;\">PREMIO SOCIEDAD RURAL ARGENTINA<\/h4>\n<p style=\"text-align: left;\"><strong>Menci\u00f3n Especial<\/strong>. Mejor Stand Agip Gas. Sociedad Rural Argentina. Buenos Aires. Argentina. 1972.<\/p><\/div><\/div><\/div><div class='dt-sc-timeline left'><div class=\"column dt-sc-one-half\"><div class=\"dt-sc-timeline-content\"><h2><span>1971<\/span><\/h2><img loading=\"lazy\" decoding=\"async\" class=\"size-medium wp-image-9501 alignright\" src=\"https:\/\/jacquesbedel.com\/wp-content\/uploads\/2023\/06\/83-115x300.jpg\" alt=\"\" width=\"115\" height=\"300\" srcset=\"https:\/\/jacquesbedel.com\/wp-content\/uploads\/2023\/06\/83-115x300.jpg 115w, https:\/\/jacquesbedel.com\/wp-content\/uploads\/2023\/06\/83.jpg 192w\" sizes=\"(max-width: 115px) 100vw, 115px\" \/><\/p>\n<h4><\/h4>\n<h4><\/h4>\n<h4><\/h4>\n<h4><\/h4>\n<h4><\/h4>\n<h4><\/h4>\n<h4><\/h4>\n<p>&nbsp;<\/p>\n<p>&nbsp;<\/p>\n<p>&nbsp;<\/p>\n<p>&nbsp;<\/p>\n<p>&nbsp;<\/p>\n<p>&nbsp;<\/p>\n<p>&nbsp;<\/p>\n<p>&nbsp;<\/p>\n<p>&nbsp;<\/p>\n<p>&nbsp;<\/p>\n<h4 style=\"text-align: right;\">SAL\u00d3N NACIONAL DE INVESTIGACIONES VISUALES\u00a0\u00a007\/06\/1971<\/h4>\n<p>&nbsp;<\/p>\n<p><img loading=\"lazy\" decoding=\"async\" class=\"size-medium wp-image-9505 alignright\" src=\"https:\/\/jacquesbedel.com\/wp-content\/uploads\/2023\/06\/89-300x216.jpg\" alt=\"\" width=\"300\" height=\"216\" srcset=\"https:\/\/jacquesbedel.com\/wp-content\/uploads\/2023\/06\/89-300x216.jpg 300w, https:\/\/jacquesbedel.com\/wp-content\/uploads\/2023\/06\/89-500x360.jpg 500w, https:\/\/jacquesbedel.com\/wp-content\/uploads\/2023\/06\/89-768x553.jpg 768w, https:\/\/jacquesbedel.com\/wp-content\/uploads\/2023\/06\/89.jpg 1024w\" sizes=\"(max-width: 300px) 100vw, 300px\" \/><\/p>\n<h4><\/h4>\n<h4><\/h4>\n<h4><\/h4>\n<h4><\/h4>\n<h4><\/h4>\n<p>&nbsp;<\/p>\n<p>&nbsp;<\/p>\n<p>&nbsp;<\/p>\n<p>&nbsp;<\/p>\n<p>&nbsp;<\/p>\n<p>&nbsp;<\/p>\n<p>&nbsp;<\/p>\n<h4 style=\"text-align: right;\">II PREMIO ARTISTAS CON ACR\u00cdLICOPAOLINI<\/h4>\n<p style=\"text-align: right;\">25\/03\/1971\u00a0<strong>Tercer Premio<\/strong>. Museo de Arte Moderno. Buenos Aires. Argentina. 1971.<\/p>\n<p>&nbsp;<\/p>\n<p><img loading=\"lazy\" decoding=\"async\" class=\"size-medium wp-image-9506 alignright\" src=\"https:\/\/jacquesbedel.com\/wp-content\/uploads\/2023\/06\/90-300x300.jpg\" alt=\"\" width=\"300\" height=\"300\" srcset=\"https:\/\/jacquesbedel.com\/wp-content\/uploads\/2023\/06\/90-300x300.jpg 300w, https:\/\/jacquesbedel.com\/wp-content\/uploads\/2023\/06\/90-500x498.jpg 500w, https:\/\/jacquesbedel.com\/wp-content\/uploads\/2023\/06\/90-100x100.jpg 100w, https:\/\/jacquesbedel.com\/wp-content\/uploads\/2023\/06\/90-150x150.jpg 150w, https:\/\/jacquesbedel.com\/wp-content\/uploads\/2023\/06\/90.jpg 1024w\" sizes=\"(max-width: 300px) 100vw, 300px\" \/><\/p>\n<h4><\/h4>\n<h4><\/h4>\n<h4><\/h4>\n<h4><\/h4>\n<h4><\/h4>\n<h4><\/h4>\n<h4><\/h4>\n<p>&nbsp;<\/p>\n<p>&nbsp;<\/p>\n<p>&nbsp;<\/p>\n<p>&nbsp;<\/p>\n<p>&nbsp;<\/p>\n<p>&nbsp;<\/p>\n<p>&nbsp;<\/p>\n<p>&nbsp;<\/p>\n<p>&nbsp;<\/p>\n<p>&nbsp;<\/p>\n<h4 style=\"text-align: right;\">PREMIO LA ENERG\u00cdA EN LAS ARTES VISUALES<\/h4>\n<h4 style=\"text-align: right;\"><strong>TERCER PREMIO DE ESCULTURA.<\/strong>\u00a0MUSEO DE ARTE MODERNO. BUENOS AIRES. ARGENTINA. 1971.<\/h4><\/div><\/div><\/div><div class='dt-sc-timeline right'><div class=\"column dt-sc-one-half\"><div class=\"dt-sc-timeline-content\"><h2><span>1969<\/span><\/h2><img loading=\"lazy\" decoding=\"async\" class=\"alignnone size-medium wp-image-9504 alignleft\" src=\"https:\/\/jacquesbedel.com\/wp-content\/uploads\/2023\/06\/88-280x300.jpg\" alt=\"\" width=\"280\" height=\"300\" srcset=\"https:\/\/jacquesbedel.com\/wp-content\/uploads\/2023\/06\/88-280x300.jpg 280w, https:\/\/jacquesbedel.com\/wp-content\/uploads\/2023\/06\/88-500x537.jpg 500w, https:\/\/jacquesbedel.com\/wp-content\/uploads\/2023\/06\/88-954x1024.jpg 954w, https:\/\/jacquesbedel.com\/wp-content\/uploads\/2023\/06\/88-768x824.jpg 768w, https:\/\/jacquesbedel.com\/wp-content\/uploads\/2023\/06\/88.jpg 1024w\" sizes=\"(max-width: 280px) 100vw, 280px\" \/><\/p>\n<h4><\/h4>\n<h4><\/h4>\n<h4><\/h4>\n<h4><\/h4>\n<h4><\/h4>\n<h4><\/h4>\n<h4><\/h4>\n<h4><\/h4>\n<p>&nbsp;<\/p>\n<p>&nbsp;<\/p>\n<p>&nbsp;<\/p>\n<p>&nbsp;<\/p>\n<p>&nbsp;<\/p>\n<p>&nbsp;<\/p>\n<p>&nbsp;<\/p>\n<p>&nbsp;<\/p>\n<p>&nbsp;<\/p>\n<p>&nbsp;<\/p>\n<h4 style=\"text-align: left;\">BECA GOBIERNO FRANC\u00c9S<\/h4>\n<h4 style=\"text-align: left;\"><strong>BECADO POR EL GOBIERNO FRANC\u00c9S<\/strong>\u00a0PARA REALIZAR ESTUDIOS EN EL \u00c1REA DE LAS INVESTIGACIONES VISUALES. PAR\u00cdS. FRANCIA. 1969<\/h4><\/div><\/div><\/div><div class='dt-sc-timeline left'><div class=\"column dt-sc-one-half\"><div class=\"dt-sc-timeline-content\"><h2><span>1968<\/span><\/h2><img loading=\"lazy\" decoding=\"async\" class=\"alignnone size-medium wp-image-9503 alignright\" src=\"https:\/\/jacquesbedel.com\/wp-content\/uploads\/2023\/06\/87-300x212.jpg\" alt=\"\" width=\"300\" height=\"212\" srcset=\"https:\/\/jacquesbedel.com\/wp-content\/uploads\/2023\/06\/87-300x212.jpg 300w, https:\/\/jacquesbedel.com\/wp-content\/uploads\/2023\/06\/87-500x353.jpg 500w, https:\/\/jacquesbedel.com\/wp-content\/uploads\/2023\/06\/87-768x542.jpg 768w, https:\/\/jacquesbedel.com\/wp-content\/uploads\/2023\/06\/87.jpg 1024w\" sizes=\"(max-width: 300px) 100vw, 300px\" \/><\/p>\n<h4><\/h4>\n<h4><\/h4>\n<h4><\/h4>\n<h4><\/h4>\n<h4><\/h4>\n<h4><\/h4>\n<p>&nbsp;<\/p>\n<p>&nbsp;<\/p>\n<p>&nbsp;<\/p>\n<p>&nbsp;<\/p>\n<p>&nbsp;<\/p>\n<p>&nbsp;<\/p>\n<p>&nbsp;<\/p>\n<h4 style=\"text-align: right;\">PREMIO BRAQUE<\/h4>\n<p style=\"text-align: right;\"><strong>Medalla de Bronce\u00a0<\/strong>Museo Nacional de Bellas Artes. Buenos Aires. Argentina. 1968.<\/p><\/div><\/div><\/div><\/div><\/div><\/div><\/div><\/div>\n<\/section>","protected":false},"excerpt":{"rendered":"Premios 2012 \u00a0\u00a0\u00a0\u00a0\u00a0\u00a0\u00a0\u00a0\u00a0\u00a0\u00a0\u00a0\u00a0\u00a0\u00a0\u00a0\u00a0\u00a0\u00a0\u00a0\u00a0\u00a0\u00a0\u00a0\u00a0\u00a0\u00a0\u00a0\u00a0\u00a0\u00a0\u00a0\u00a0\u00a0\u00a0\u00a0\u00a0\u00a0\u00a0\u00a0\u00a0\u00a0\u00a0\u00a0\u00a0\u00a0\u00a0\u00a0\u00a0\u00a0\u00a0\u00a0\u00a0\u00a0\u00a0\u00a0\u00a0\u00a0\u00a0\u00a0\u00a0\u00a0\u00a0\u00a0\u00a0\u00a0\u00a0\u00a0\u00a0\u00a0\u00a0\u00a0\u00a0\u00a0\u00a0\u00a0\u00a0\u00a0\u00a0\u00a0\u00a0\u00a0\u00a0\u00a0\u00a0\u00a0\u00a0\u00a0\u00a0\u00a0\u00a0\u00a0\u00a0\u00a0\u00a0\u00a0\u00a0\u00a0\u00a0\u00a0\u00a0\u00a0\u00a0\u00a0\u00a0\u00a0\u00a0\u00a0\u00a0\u00a0\u00a0\u00a0\u00a0\u00a0\u00a0\u00a0\u00a0\u00a0\u00a0\u00a0\u00a0\u00a0\u00a0\u00a0\u00a0\u00a0\u00a0\u00a0\u00a0\u00a0\u00a0\u00a0\u00a0\u00a0\u00a0\u00a0\u00a0\u00a0\u00a0\u00a0\u00a0\u00a0\u00a0\u00a0\u00a0\u00a0\u00a0\u00a0\u00a0\u00a0\u00a0\u00a0\u00a0\u00a0\u00a0\u00a0\u00a0\u00a0\u00a0\u00a0\u00a0\u00a0\u00a0\u00a0\u00a0\u00a0\u00a0\u00a0\u00a0\u00a0\u00a0\u00a0\u00a0\u00a0\u00a0\u00a0\u00a0\u00a0\u00a0\u00a0\u00a0\u00a0\u00a0\u00a0\u00a0\u00a0\u00a0\u00a0\u00a0\u00a0\u00a0\u00a0\u00a0\u00a0\u00a0\u00a0\u00a0\u00a0\u00a0\u00a0\u00a0\u00a0\u00a0\u00a0\u00a0\u00a0\u00a0\u00a0\u00a0\u00a0\u00a0\u00a0\u00a0\u00a0\u00a0\u00a0\u00a0\u00a0\u00a0\u00a0\u00a0\u00a0\u00a0\u00a0\u00a0\u00a0\u00a0\u00a0\u00a0\u00a0\u00a0\u00a0\u00a0\u00a0\u00a0\u00a0\u00a0\u00a0\u00a0\u00a0\u00a0\u00a0\u00a0\u00a0\u00a0\u00a0\u00a0\u00a0\u00a0\u00a0\u00a0\u00a0\u00a0\u00a0\u00a0\u00a0\u00a0\u00a0\u00a0\u00a0\u00a0\u00a0\u00a0\u00a0\u00a0\u00a0\u00a0\u00a0\u00a0\u00a0\u00a0\u00a0\u00a0\u00a0\u00a0\u00a0\u00a0\u00a0\u00a0\u00a0\u00a0\u00a0\u00a0\u00a0\u00a0\u00a0\u00a0\u00a0\u00a0\u00a0\u00a0\u00a0\u00a0\u00a0\u00a0\u00a0\u00a0\u00a0\u00a0\u00a0\u00a0\u00a0\u00a0\u00a0\u00a0\u00a0 PREMIO ARNET 14\/06\/2012\u00a0 Menci\u00f3n por su obra \u201cDe rerum natura\u201d2007 &nbsp; &nbsp; &nbsp; &nbsp; &nbsp; &nbsp; &nbsp; &nbsp; &nbsp; &nbsp; PREMIO BANCO CENTRAL Segundo Premio. Centro Cultural [...]","protected":false},"author":1,"featured_media":0,"parent":0,"menu_order":0,"comment_status":"closed","ping_status":"closed","template":"","meta":{"footnotes":""},"class_list":["post-12221","page","type-page","status-publish","hentry"],"_links":{"self":[{"href":"https:\/\/jacquesbedel.com\/en\/wp-json\/wp\/v2\/pages\/12221"}],"collection":[{"href":"https:\/\/jacquesbedel.com\/en\/wp-json\/wp\/v2\/pages"}],"about":[{"href":"https:\/\/jacquesbedel.com\/en\/wp-json\/wp\/v2\/types\/page"}],"author":[{"embeddable":true,"href":"https:\/\/jacquesbedel.com\/en\/wp-json\/wp\/v2\/users\/1"}],"replies":[{"embeddable":true,"href":"https:\/\/jacquesbedel.com\/en\/wp-json\/wp\/v2\/comments?post=12221"}],"version-history":[{"count":137,"href":"https:\/\/jacquesbedel.com\/en\/wp-json\/wp\/v2\/pages\/12221\/revisions"}],"predecessor-version":[{"id":13015,"href":"https:\/\/jacquesbedel.com\/en\/wp-json\/wp\/v2\/pages\/12221\/revisions\/13015"}],"wp:attachment":[{"href":"https:\/\/jacquesbedel.com\/en\/wp-json\/wp\/v2\/media?parent=12221"}],"curies":[{"name":"wp","href":"https:\/\/api.w.org\/{rel}","templated":true}]}}